{"id":4583,"date":"2024-07-24T00:29:21","date_gmt":"2024-07-23T22:29:21","guid":{"rendered":"https:\/\/bergenbodywork.no\/?post_type=tribe_events&#038;p=4583"},"modified":"2026-08-30T15:11:11","modified_gmt":"2026-08-30T13:11:11","slug":"famo-fascia-in-focus-oslo-2026","status":"publish","type":"tribe_events","link":"https:\/\/bergenbodywork.no\/en\/event\/famo-fascia-in-focus-oslo-2026\/","title":{"rendered":"Fascia In Focus <br> &#8211; Fascia Movement qualities"},"content":{"rendered":"<div>\n<p>&nbsp;<\/p>\n<p><img loading=\"lazy\" decoding=\"async\" class=\"wp-image-4783 aligncenter\" src=\"https:\/\/bergenbodywork.no\/wp-content\/uploads\/2024\/07\/art-of-motion_FAMO_Logo_line_dark-1024x395.jpeg\" alt=\"\" width=\"331\" height=\"128\" srcset=\"https:\/\/bergenbodywork.no\/wp-content\/uploads\/2024\/07\/art-of-motion_FAMO_Logo_line_dark-1024x395.jpeg 1024w, https:\/\/bergenbodywork.no\/wp-content\/uploads\/2024\/07\/art-of-motion_FAMO_Logo_line_dark-600x231.jpeg 600w, https:\/\/bergenbodywork.no\/wp-content\/uploads\/2024\/07\/art-of-motion_FAMO_Logo_line_dark-300x116.jpeg 300w, https:\/\/bergenbodywork.no\/wp-content\/uploads\/2024\/07\/art-of-motion_FAMO_Logo_line_dark-768x296.jpeg 768w, https:\/\/bergenbodywork.no\/wp-content\/uploads\/2024\/07\/art-of-motion_FAMO_Logo_line_dark-1536x592.jpeg 1536w, https:\/\/bergenbodywork.no\/wp-content\/uploads\/2024\/07\/art-of-motion_FAMO_Logo_line_dark-1920x740.jpeg 1920w\" sizes=\"auto, (max-width: 331px) 100vw, 331px\" \/><\/p>\n<div class=\"row\">\n<div class=\"small-48 columns\">\n<h3 style=\"text-align: center;\">Oslo 27.-29. November 2026<\/h3>\n<div style=\"height: 35px;\">\n<h2 style=\"text-align: center;\" data-start=\"638\" data-end=\"660\"><\/h2>\n<script>\n  if (typeof hasAmeliaEvent === 'undefined') {\n    var hasAmeliaEvent = true;\n  }\n  if (typeof hasEventApiCall === 'undefined' && ('' === '' && '' === '' && '' !== '1')) {\n    var hasEventApiCall = true;\n  }\n  var hasEventShortcode = (typeof hasEventShortcode === 'undefined') ? false : true;\n  var ameliaShortcodeData = (typeof ameliaShortcodeData === 'undefined') ? [] : ameliaShortcodeData;\n  ameliaShortcodeData.push(\n    {\n      'hasApiCall': (typeof hasEventApiCall !== 'undefined') && hasEventApiCall,\n      'trigger': '',\n      'trigger_type': '',\n      'triggered_form': 'elf',\n      'in_dialog': '',\n      'counter': '1000',\n      'employee': '',\n      'eventId': '6',\n      'eventRecurring': 0,\n      'eventTag': \"\",\n      'locationId': \"\",\n      'range': \"\",\n      'ivy': '',\n    }\n  );\n  var ameliaShortcodeDataTriggered = (typeof ameliaShortcodeDataTriggered === 'undefined') ? [] : ameliaShortcodeDataTriggered;\n  if (ameliaShortcodeData[ameliaShortcodeData.length - 1].trigger !== '' || ameliaShortcodeData[ameliaShortcodeData.length - 1].ivy !== '') {\n    if (ameliaShortcodeDataTriggered.filter(a => a.counter === ameliaShortcodeData[ameliaShortcodeData.length - 1].counter).length === 0) {\n      ameliaShortcodeDataTriggered.push(ameliaShortcodeData.pop());\n    } else {\n      ameliaShortcodeData.pop()\n    }\n  }\n  if (typeof hasEventApiCall !== 'undefined' && hasEventApiCall) {\n    hasEventApiCall = false;\n  }\n<\/script>\n\n<div\n  id=\"amelia-v2-booking-1000\"\n  class=\"amelia-v2-booking\"\n>\n    <events-list-form-wrapper><\/div>\n\n<\/div>\n<p>&nbsp;<\/p>\n<div style=\"height: 35px;\"><\/div>\n<p>&nbsp;<\/p>\n<h1 style=\"text-align: center;\">Fascia in Focus<\/h1>\n<h3 style=\"text-align: center;\">12 fasciale bevegelseskvaliteter for kropp, bevegelse og helhet<\/h3>\n<p>&nbsp;<\/p>\n<p class=\"isSelectedEnd\">Fascia er mer enn kroppens bindevev. Det er et levende, sansende og tilpasningsdyktig nettverk som spiller en viktig rolle for hvordan vi beveger oss, organiserer kroppen og opplever oss selv.<\/p>\n<p class=\"isSelectedEnd\"><strong>Hvordan kan vi arbeide med fascia gjennom bevegelse \u2013 p\u00e5 en m\u00e5lrettet og samtidig helhetlig m\u00e5te?<\/strong><\/p>\n<p class=\"isSelectedEnd\">I <strong>FAMO Fascia in Focus<\/strong> retter vi oppmerksomheten mot <strong>12 fasciale bevegelseskvaliteter<\/strong>.<\/p>\n<p class=\"isSelectedEnd\">Du utforsker hva de er, hvorfor de har betydning, og hvordan de kan brukes for \u00e5 st\u00f8tte fysisk helse og funksjon, psyko-emosjonelt velv\u00e6re og samspillet med andre \u2013 med m\u00e5l om \u00e5 bidra til bedre livskvalitet p\u00e5 en b\u00e6rekraftig m\u00e5te.<\/p>\n<h2>Om kurset<\/h2>\n<p class=\"isSelectedEnd\">Gjennom kurset l\u00e6rer og erfarer du <strong>12 treningsteknikker<\/strong>, utviklet for \u00e5 integrere de 12 praksism\u00e5lene i kroppen.<\/p>\n<p class=\"isSelectedEnd\">Fascia in Focus gir deg kunnskap og praktiske verkt\u00f8y for \u00e5 arbeide med <strong>fascia i bevegelse<\/strong> p\u00e5 en helhetlig, nyansert og effektiv m\u00e5te som kan tilpasses ulike kropper og forutsetninger.<\/p>\n<p class=\"isSelectedEnd\">Kurset er en <strong>hj\u00f8rnestein i FAMO Fascia Movement-utdanningen<\/strong> og gir deg forst\u00e5elsen av <em>hvorfor<\/em> FAMO Practice-\u00f8velsene utf\u00f8res slik de gj\u00f8r.<\/p>\n<p class=\"isSelectedEnd\">Vi utforsker blant annet \u00f8velsenes spesifikke utf\u00f8relse og variasjoner, pustem\u00f8nstre, bruk av massasjeredskaper og hvordan ulike cueing-fokus kan p\u00e5virke bevegelsesopplevelsen.<\/p>\n<p class=\"isSelectedEnd\">Kurset passer for deg som \u00f8nsker \u00e5 forst\u00e5 og arbeide med 12 ulike fasciale bevegelseskvaliteter med m\u00e5l om st\u00f8rre postural letthet, bevegelsesfrihet, kroppsbevissthet og opplevelse av sammenheng \u2013 b\u00e5de i deg selv og i m\u00f8te med omgivelsene.<\/p>\n<h2>Dette l\u00e6rer du<\/h2>\n<p class=\"isSelectedEnd\">Gjennom kurset vil du:<\/p>\n<ul data-spread=\"false\">\n<li>f\u00e5 kunnskap om og praktiske ferdigheter i <strong>fascia i bevegelse<\/strong>, som kan tilf\u00f8re en ny dimensjon til bevegelsesundervisning, bodywork eller terapeutisk arbeid<\/li>\n<li>utforske <strong>Resource-Oriented Integrative Movement<\/strong> som rammeverk for helsefokusert, helhetlig og inkluderende bevegelsespraksis<\/li>\n<li>forst\u00e5 de <strong>6 grunnleggende prinsippene i FAMO<\/strong> og deres praktiske verdi<\/li>\n<li>se kropp og sinn med nye \u00f8yne og bli kjent med konseptet <strong>Essential Self<\/strong><\/li>\n<li>identifisere fasciesystemets arkitektoniske, anatomiske og funksjonelle egenskaper<\/li>\n<li>forst\u00e5 betydningen og den funksjonelle verdien av de <strong>12 fasciale bevegelseskvalitetene<\/strong> fra et erfaringsbasert og vitenskapsinformert perspektiv<\/li>\n<li>forst\u00e5 hvordan de 12 bevegelseskvalitetene omsettes til praktiske retningslinjer og anvendelse<\/li>\n<li>erfare hver av de 12 fasciale bevegelseskvalitetene p\u00e5 en tydelig og individuell m\u00e5te<\/li>\n<li>l\u00e6re <strong>12 treningsteknikker<\/strong><\/li>\n<li>bli kjent med <strong>12 praksism\u00e5l<\/strong><\/li>\n<li>delta i masterklasser og korte praksiser som integrerer kursets ulike komponenter<\/li>\n<li>utvikle fasciafokusert kunnskap og ferdigheter som kan brukes i bevegelsesklasser, bodywork og terapeutiske sammenhenger<\/li>\n<li>utforske hvordan prinsippene kan integreres i hverdagen for \u00e5 st\u00f8tte kropp\u2013sinn-vitalitet<\/li>\n<\/ul>\n<h2>Slik arbeider vi<\/h2>\n<p class=\"isSelectedEnd\">M\u00e5let er \u00e5 gj\u00f8re reisen fra \u00e5 <strong>forst\u00e5<\/strong> funksjonell anatomi til \u00e5 <strong>erfare og integrere<\/strong> den b\u00e5de engasjerende, praktisk og tilgjengelig.<\/p>\n<p class=\"isSelectedEnd\">Kurset kombinerer:<\/p>\n<p class=\"isSelectedEnd\"><strong>Masterklasser \u2022 interaktive forelesninger \u2022 demonstrasjoner \u2022 korte praksiser<\/strong><\/p>\n<p class=\"isSelectedEnd\">Denne kombinasjonen gj\u00f8r at stoffet ikke bare forst\u00e5s intellektuelt, men ogs\u00e5 utforskes gjennom egen kropp og bevegelseserfaring.<\/p>\n<h2>Hvem passer kurset for?<\/h2>\n<p class=\"isSelectedEnd\">Kurset passer for deg som arbeider innen <strong>bevegelse, helse, bodywork eller terapi<\/strong>, og som \u00f8nsker en dypere forst\u00e5else av fascia i bevegelse og hvordan fasciale kvaliteter kan integreres i egen praksis.<\/p>\n<h2>Forkunnskaper<\/h2>\n<p class=\"isSelectedEnd\">Sertifisering eller utdanning innen bevegelse, helse, bodywork eller terapi.<\/p>\n<h2>Obligatorisk litteratur<\/h2>\n<p class=\"isSelectedEnd\"><strong>Fascia in Focus<\/strong><br \/>\n<em>Web of Connection for Body-Mind Integrity<\/em><br \/>\nav <strong>Karin Gurtner<\/strong><\/p>\n<div contenteditable=\"false\">\n<hr \/>\n<\/div>\n<div style=\"height: 35px;\"><\/div>\n<h1>PRAKTISK INFORMASJON<\/h1>\n<p><strong>Sted<\/strong><br \/>\nYoga Livet<br \/>\nKjels\u00e5sveien 174B, Oslo<\/p>\n<p><strong>Kurstider<\/strong><br \/>\nFredag kl. 10.00\u201318.00<br \/>\nL\u00f8rdag kl. 09.00\u201317.00<br \/>\nS\u00f8ndag kl. 09.00\u201317.00<\/p>\n<p><strong>Host og kontaktperson<\/strong><br \/>\nTherese Hansen<br \/>\nTlf. 917 50 867<\/p>\n<p><strong>Kursmateriell<\/strong><br \/>\nUndervisningsmateriell er ikke inkludert i kursavgiften.<\/p>\n<h3>Kollektivt<\/h3>\n<p>Brekkekrysset og Frysja bussholdeplasser ligger ca. 250 meter fra lokalet.<\/p>\n<p>Kjels\u00e5s togstasjon ligger ca. 750 meter unna, og Kjels\u00e5s trikkeholdeplass ca. 850 meter unna.<\/p>\n<p>Fra Oslo Lufthavn kan du ta Flybussen til Storo og deretter trikk til Kjels\u00e5s.<\/p>\n<h3>Bil og parkering<\/h3>\n<p>Lokalet ligger i Kjels\u00e5sveien 174B og er godt skiltet fra veien.<\/p>\n<p>Det finnes tre reserverte parkeringsplasser ved bygget. Andre plasser rundt bygget kan benyttes etter registrering av bilen p\u00e5 skjermen i oppgang A, 3. etasje. Det finnes ogs\u00e5 gratis gateparkering i n\u00e6romr\u00e5det.<\/p>\n<h3>Inngang<\/h3>\n<p>Bruk <strong>inngang B<\/strong>. Denne gir direkte tilgang til 3. etasje via vareheis.<\/p>\n<h2>FAMO Teacher Training<\/h2>\n<p class=\"isSelectedEnd\">Fascia in Focus st\u00e5r st\u00f8tt som et selvstendig fagkurs. Samtidig er kurset en del av fundamentet i <a href=\"https:\/\/bergenbodywork.no\/event\/fascia-movement-teacher-training\/\"><strong>FAMO Fascia Movement Teacher Training<\/strong>.<\/a><\/p>\n<p class=\"isSelectedEnd\">Gjennom utdanningsl\u00f8pet g\u00e5r du gradvis fra \u00e5 forst\u00e5 og erfare prinsippene i egen kropp til \u00e5 integrere dem i bevegelse, Body Reading og undervisning.<\/p>\n<p class=\"isSelectedEnd\">Etter gjennomf\u00f8rt grunnl\u00f8p f\u00e5r du mulighet til \u00e5 undervise som <strong>FAMO Teacher Level 1<\/strong>.<\/p>\n<p>For deg som \u00f8nsker \u00e5 g\u00e5 videre, er det ogs\u00e5 mulig \u00e5 fordype seg videre mot <strong>FAMO Teacher Level 2<\/strong>.<\/p>\n<p>&nbsp;<\/p>\n<\/div>\n<\/div>\n<p><a href=\"https:\/\/www.art-of-motion.com\/en\/slings\/\"><img loading=\"lazy\" decoding=\"async\" class=\"alignnone size-medium wp-image-2340 aligncenter\" src=\"https:\/\/bergenbodywork.no\/wp-content\/uploads\/2018\/07\/fullsizeoutput_682-300x61.jpeg\" alt=\"\" width=\"300\" height=\"61\" srcset=\"https:\/\/bergenbodywork.no\/wp-content\/uploads\/2018\/07\/fullsizeoutput_682-300x61.jpeg 300w, https:\/\/bergenbodywork.no\/wp-content\/uploads\/2018\/07\/fullsizeoutput_682-600x122.jpeg 600w, https:\/\/bergenbodywork.no\/wp-content\/uploads\/2018\/07\/fullsizeoutput_682-768x156.jpeg 768w, https:\/\/bergenbodywork.no\/wp-content\/uploads\/2018\/07\/fullsizeoutput_682-1024x207.jpeg 1024w, https:\/\/bergenbodywork.no\/wp-content\/uploads\/2018\/07\/fullsizeoutput_682-1920x389.jpeg 1920w\" sizes=\"auto, (max-width: 300px) 100vw, 300px\" \/><\/a><\/p>\n<\/div>\n<h2 data-start=\"638\" data-end=\"660\"><\/h2>\n<p>&nbsp;<\/p>\n","protected":false},"excerpt":{"rendered":"<p>The 3 days revolve all around fascia, its properties, its role in movement and how to train fascia consciously with a diverse and body-minded strategy.<\/p>\n","protected":false},"author":3,"featured_media":2009,"template":"","meta":{"_tribe_events_status":"","_tribe_events_status_reason":"","_tribe_events_is_hybrid":"","_tribe_events_is_virtual":"","_tribe_events_virtual_video_source":"","_tribe_events_virtual_embed_video":"","_tribe_events_virtual_linked_button_text":"","_tribe_events_virtual_linked_button":"","_tribe_events_virtual_show_embed_at":"","_tribe_events_virtual_show_embed_to":[],"_tribe_events_virtual_show_on_event":"","_tribe_events_virtual_show_on_views":"","_tribe_events_virtual_url":"","footnotes":""},"tags":[14,60,61],"tribe_events_cat":[],"class_list":["post-4583","tribe_events","type-tribe_events","status-publish","has-post-thumbnail","hentry","tag-fascia","tag-movement","tag-teacher-training"],"_links":{"self":[{"href":"https:\/\/bergenbodywork.no\/en\/wp-json\/wp\/v2\/tribe_events\/4583","targetHints":{"allow":["GET"]}}],"collection":[{"href":"https:\/\/bergenbodywork.no\/en\/wp-json\/wp\/v2\/tribe_events"}],"about":[{"href":"https:\/\/bergenbodywork.no\/en\/wp-json\/wp\/v2\/types\/tribe_events"}],"author":[{"embeddable":true,"href":"https:\/\/bergenbodywork.no\/en\/wp-json\/wp\/v2\/users\/3"}],"version-history":[{"count":0,"href":"https:\/\/bergenbodywork.no\/en\/wp-json\/wp\/v2\/tribe_events\/4583\/revisions"}],"wp:featuredmedia":[{"embeddable":true,"href":"https:\/\/bergenbodywork.no\/en\/wp-json\/wp\/v2\/media\/2009"}],"wp:attachment":[{"href":"https:\/\/bergenbodywork.no\/en\/wp-json\/wp\/v2\/media?parent=4583"}],"wp:term":[{"taxonomy":"post_tag","embeddable":true,"href":"https:\/\/bergenbodywork.no\/en\/wp-json\/wp\/v2\/tags?post=4583"},{"taxonomy":"tribe_events_cat","embeddable":true,"href":"https:\/\/bergenbodywork.no\/en\/wp-json\/wp\/v2\/tribe_events_cat?post=4583"}],"curies":[{"name":"wp","href":"https:\/\/api.w.org\/{rel}","templated":true}]}}